{"id":23296,"date":"2020-09-24T13:23:16","date_gmt":"2020-09-24T12:23:16","guid":{"rendered":"https:\/\/tuferreteria.online\/hazlo-tu-mismo\/tienda\/sin%20categor\u00eda\/mascarilla-reutilizable-100-poliester-cofra-healt\/"},"modified":"2026-03-11T10:33:44","modified_gmt":"2026-03-11T09:33:44","slug":"mascarilla-reutilizable-doble-capa-cofra-healt","status":"publish","type":"product","link":"https:\/\/tuferreteria.online\/hazlo-tu-mismo\/tienda\/ferreteria\/proteccion-seguridad\/higiene\/mascarilla-reutilizable-doble-capa-cofra-healt\/","title":{"rendered":"MASCARILLA REUTILIZABLE DOBLE CAPA COFRA HEALT"},"content":{"rendered":"<div class=\"wpb-content-wrapper\"><p>[vc_row][vc_column][vc_column_text]<\/p>\n<h2 style=\"text-align: center;\"><span style=\"font-size: 24pt; color: #f9e03a;\">Mascarilla Reutilizable Doble Capa<\/span><\/h2>\n<p>&nbsp;<\/p>\n<h3>Caracter\u00edsticas:<\/h3>\n<p>&nbsp;<\/p>\n<p style=\"text-align: justify;\">La mascarilla reutilizable de doble capa es de pol\u00edester 100 % en su exterior y algod\u00f3n 100% en el interior.<\/p>\n<p style=\"text-align: justify;\">En estos tiempos que corren con el problema con el Covid 19 que vive la sociedad mundial, casi en todas partes se hace obligatorio el uso de una mascarilla.<\/p>\n<p style=\"text-align: justify;\">Pues hoy te presentamos un mascarilla que podr\u00e1s reutilizar, como un m\u00ednimo de aguante de 5 ciclos de lavado. Lo que si dividimos su coste entre los 5 lavados nos saldr\u00eda cada ver a 0,79 \u20ac, y adem\u00e1s no generamos tantos residuos para el planeta como con las de 1 s\u00f3lo uso.<\/p>\n<p style=\"text-align: justify;\">Es de fabricaci\u00f3n Italiana.<\/p>\n<p style=\"text-align: justify;\">Se puede lavar hasta a 60\u00ba, aunque se recomienda lavar de 30 a 40\u00ba suavemente a mano.<\/p>\n<p style=\"text-align: justify;\">Su interior es 100% algod\u00f3n de 190 gramos y su exterior es de pol\u00edester reciclado hidr\u00f3fugo 100%.<\/p>\n<p style=\"text-align: justify;\">\u00a1Apuesta por una protecci\u00f3n segura para ti y los dem\u00e1s, y m\u00e1s respetuosa con el medio ambiente!<\/p>\n<p style=\"text-align: justify;\">Te dejamos con la ficha t\u00e9cnica aqu\u00ed\u00a0 \u00a0<strong><span style=\"font-size: 14pt;\"> \u21d3\u00a0<\/span><\/strong>\u00a0 \u00a0abajo.<\/p>\n<p>[\/vc_column_text][\/vc_column][\/vc_row][vc_row][vc_column][vc_single_image image=\u00bb23303&#8243; alignment=\u00bbcenter\u00bb onclick=\u00bbcustom_link\u00bb img_link_target=\u00bb_blank\u00bb link=\u00bbhttps:\/\/tuferreteria.online\/hazlo-tu-mismo\/ficha-tecnica-mascarilla-reutilizable\/\u00bb][\/vc_column][\/vc_row]<\/p>\n<\/div>","protected":false},"excerpt":{"rendered":"<h2>MASCARILLA REUTILIZABLE 100% POLIESTER COFRA HEALT<\/h2>\n","protected":false},"featured_media":23302,"comment_status":"closed","ping_status":"closed","template":"","meta":{"_exactmetrics_skip_tracking":false,"_exactmetrics_sitenote_active":false,"_exactmetrics_sitenote_note":"","_exactmetrics_sitenote_category":0,"_joinchat":[]},"etheme_brands":[{"term_id":1732,"name":"COFRA","slug":"cofra","term_group":0,"term_taxonomy_id":1732,"taxonomy":"brand","description":"","parent":0,"count":1,"filter":"raw"}],"product_brand":[],"product_cat":[815,48,518],"product_tag":[1733,1737,1734,1735,1736],"class_list":{"0":"post-23296","1":"product","2":"type-product","3":"status-publish","4":"has-post-thumbnail","6":"brand-cofra","7":"product_cat-higiene","8":"product_cat-pintura-decoracion","9":"product_cat-proteccion-seguridad","10":"product_tag-covid-19","11":"product_tag-mascarilla-las-palmas","12":"product_tag-mascarilla-reutilizable-canarias","13":"product_tag-mascarilla-reutilizable-tenerife","14":"product_tag-mascarilla-tenerife","15":"product_shipping_class-envio-peso","17":"first","18":"instock","19":"taxable","20":"shipping-taxable","21":"purchasable","22":"product-type-simple"},"yoast_head":"<!-- This site is optimized with the Yoast SEO plugin v24.9 - https:\/\/yoast.com\/wordpress\/plugins\/seo\/ -->\n<title>MASCARILLA REUTILIZABLE DOBLE CAPA COFRA HEALT - Tienda de tuferreteria.online by Ferreter\u00eda La Salle<\/title>\n<meta name=\"description\" content=\"La mascarilla reutilizable de doble capa es de pol\u00edester 100 % en su exterior y algod\u00f3n 100% en el interior.\" \/>\n<meta name=\"robots\" content=\"index, follow, max-snippet:-1, max-image-preview:large, max-video-preview:-1\" \/>\n<link rel=\"canonical\" href=\"https:\/\/tuferreteria.online\/hazlo-tu-mismo\/tienda\/ferreteria\/proteccion-seguridad\/higiene\/mascarilla-reutilizable-doble-capa-cofra-healt\/\" \/>\n<meta property=\"og:locale\" content=\"es_ES\" \/>\n<meta property=\"og:type\" content=\"article\" \/>\n<meta property=\"og:title\" content=\"MASCARILLA REUTILIZABLE DOBLE CAPA COFRA HEALT - Tienda de tuferreteria.online by Ferreter\u00eda La Salle\" \/>\n<meta property=\"og:description\" content=\"La mascarilla reutilizable de doble capa es de pol\u00edester 100 % en su exterior y algod\u00f3n 100% en el interior.\" \/>\n<meta property=\"og:url\" content=\"https:\/\/tuferreteria.online\/hazlo-tu-mismo\/tienda\/ferreteria\/proteccion-seguridad\/higiene\/mascarilla-reutilizable-doble-capa-cofra-healt\/\" \/>\n<meta property=\"og:site_name\" content=\"Tienda de tuferreteria.online by Ferreter\u00eda La Salle\" \/>\n<meta property=\"article:modified_time\" content=\"2026-03-11T09:33:44+00:00\" \/>\n<meta property=\"og:image\" content=\"https:\/\/tuferreteria.online\/hazlo-tu-mismo\/wp-content\/uploads\/2020\/09\/MASCARILLA-REUTILIZABLE.jpg\" \/>\n\t<meta property=\"og:image:width\" content=\"600\" \/>\n\t<meta property=\"og:image:height\" content=\"600\" \/>\n\t<meta property=\"og:image:type\" content=\"image\/jpeg\" \/>\n<meta name=\"twitter:card\" content=\"summary_large_image\" \/>\n<meta name=\"twitter:label1\" content=\"Tiempo de lectura\" \/>\n\t<meta name=\"twitter:data1\" content=\"1 minuto\" \/>\n<script type=\"application\/ld+json\" class=\"yoast-schema-graph\">{\"@context\":\"https:\/\/schema.org\",\"@graph\":[{\"@type\":\"WebPage\",\"@id\":\"https:\/\/tuferreteria.online\/hazlo-tu-mismo\/tienda\/ferreteria\/proteccion-seguridad\/higiene\/mascarilla-reutilizable-doble-capa-cofra-healt\/\",\"url\":\"https:\/\/tuferreteria.online\/hazlo-tu-mismo\/tienda\/ferreteria\/proteccion-seguridad\/higiene\/mascarilla-reutilizable-doble-capa-cofra-healt\/\",\"name\":\"MASCARILLA REUTILIZABLE DOBLE CAPA COFRA HEALT - Tienda de tuferreteria.online by Ferreter\u00eda La Salle\",\"isPartOf\":{\"@id\":\"https:\/\/tuferreteria.online\/hazlo-tu-mismo\/#website\"},\"primaryImageOfPage\":{\"@id\":\"https:\/\/tuferreteria.online\/hazlo-tu-mismo\/tienda\/ferreteria\/proteccion-seguridad\/higiene\/mascarilla-reutilizable-doble-capa-cofra-healt\/#primaryimage\"},\"image\":{\"@id\":\"https:\/\/tuferreteria.online\/hazlo-tu-mismo\/tienda\/ferreteria\/proteccion-seguridad\/higiene\/mascarilla-reutilizable-doble-capa-cofra-healt\/#primaryimage\"},\"thumbnailUrl\":\"https:\/\/tuferreteria.online\/hazlo-tu-mismo\/wp-content\/uploads\/2020\/09\/MASCARILLA-REUTILIZABLE.jpg\",\"datePublished\":\"2020-09-24T12:23:16+00:00\",\"dateModified\":\"2026-03-11T09:33:44+00:00\",\"description\":\"La mascarilla reutilizable de doble capa es de pol\u00edester 100 % en su exterior y algod\u00f3n 100% en el interior.\",\"breadcrumb\":{\"@id\":\"https:\/\/tuferreteria.online\/hazlo-tu-mismo\/tienda\/ferreteria\/proteccion-seguridad\/higiene\/mascarilla-reutilizable-doble-capa-cofra-healt\/#breadcrumb\"},\"inLanguage\":\"es\",\"potentialAction\":[{\"@type\":\"ReadAction\",\"target\":[\"https:\/\/tuferreteria.online\/hazlo-tu-mismo\/tienda\/ferreteria\/proteccion-seguridad\/higiene\/mascarilla-reutilizable-doble-capa-cofra-healt\/\"]}]},{\"@type\":\"ImageObject\",\"inLanguage\":\"es\",\"@id\":\"https:\/\/tuferreteria.online\/hazlo-tu-mismo\/tienda\/ferreteria\/proteccion-seguridad\/higiene\/mascarilla-reutilizable-doble-capa-cofra-healt\/#primaryimage\",\"url\":\"https:\/\/tuferreteria.online\/hazlo-tu-mismo\/wp-content\/uploads\/2020\/09\/MASCARILLA-REUTILIZABLE.jpg\",\"contentUrl\":\"https:\/\/tuferreteria.online\/hazlo-tu-mismo\/wp-content\/uploads\/2020\/09\/MASCARILLA-REUTILIZABLE.jpg\",\"width\":600,\"height\":600,\"caption\":\"MASCARILLA-REUTILIZABLE\"},{\"@type\":\"BreadcrumbList\",\"@id\":\"https:\/\/tuferreteria.online\/hazlo-tu-mismo\/tienda\/ferreteria\/proteccion-seguridad\/higiene\/mascarilla-reutilizable-doble-capa-cofra-healt\/#breadcrumb\",\"itemListElement\":[{\"@type\":\"ListItem\",\"position\":1,\"name\":\"Portada\",\"item\":\"https:\/\/tuferreteria.online\/hazlo-tu-mismo\/\"},{\"@type\":\"ListItem\",\"position\":2,\"name\":\"Tienda\",\"item\":\"https:\/\/tuferreteria.online\/hazlo-tu-mismo\/tienda\/\"},{\"@type\":\"ListItem\",\"position\":3,\"name\":\"MASCARILLA REUTILIZABLE DOBLE CAPA COFRA HEALT\"}]},{\"@type\":\"WebSite\",\"@id\":\"https:\/\/tuferreteria.online\/hazlo-tu-mismo\/#website\",\"url\":\"https:\/\/tuferreteria.online\/hazlo-tu-mismo\/\",\"name\":\"Tienda de tuferreteria.online by Ferreter\u00eda La Salle\",\"description\":\"Hazlo tu mismo\",\"potentialAction\":[{\"@type\":\"SearchAction\",\"target\":{\"@type\":\"EntryPoint\",\"urlTemplate\":\"https:\/\/tuferreteria.online\/hazlo-tu-mismo\/?s={search_term_string}\"},\"query-input\":{\"@type\":\"PropertyValueSpecification\",\"valueRequired\":true,\"valueName\":\"search_term_string\"}}],\"inLanguage\":\"es\"}]}<\/script>\n<!-- \/ Yoast SEO plugin. -->","yoast_head_json":{"title":"MASCARILLA REUTILIZABLE DOBLE CAPA COFRA HEALT - Tienda de tuferreteria.online by Ferreter\u00eda La Salle","description":"La mascarilla reutilizable de doble capa es de pol\u00edester 100 % en su exterior y algod\u00f3n 100% en el interior.","robots":{"index":"index","follow":"follow","max-snippet":"max-snippet:-1","max-image-preview":"max-image-preview:large","max-video-preview":"max-video-preview:-1"},"canonical":"https:\/\/tuferreteria.online\/hazlo-tu-mismo\/tienda\/ferreteria\/proteccion-seguridad\/higiene\/mascarilla-reutilizable-doble-capa-cofra-healt\/","og_locale":"es_ES","og_type":"article","og_title":"MASCARILLA REUTILIZABLE DOBLE CAPA COFRA HEALT - Tienda de tuferreteria.online by Ferreter\u00eda La Salle","og_description":"La mascarilla reutilizable de doble capa es de pol\u00edester 100 % en su exterior y algod\u00f3n 100% en el interior.","og_url":"https:\/\/tuferreteria.online\/hazlo-tu-mismo\/tienda\/ferreteria\/proteccion-seguridad\/higiene\/mascarilla-reutilizable-doble-capa-cofra-healt\/","og_site_name":"Tienda de tuferreteria.online by Ferreter\u00eda La Salle","article_modified_time":"2026-03-11T09:33:44+00:00","og_image":[{"width":600,"height":600,"url":"https:\/\/tuferreteria.online\/hazlo-tu-mismo\/wp-content\/uploads\/2020\/09\/MASCARILLA-REUTILIZABLE.jpg","type":"image\/jpeg"}],"twitter_card":"summary_large_image","twitter_misc":{"Tiempo de lectura":"1 minuto"},"schema":{"@context":"https:\/\/schema.org","@graph":[{"@type":"WebPage","@id":"https:\/\/tuferreteria.online\/hazlo-tu-mismo\/tienda\/ferreteria\/proteccion-seguridad\/higiene\/mascarilla-reutilizable-doble-capa-cofra-healt\/","url":"https:\/\/tuferreteria.online\/hazlo-tu-mismo\/tienda\/ferreteria\/proteccion-seguridad\/higiene\/mascarilla-reutilizable-doble-capa-cofra-healt\/","name":"MASCARILLA REUTILIZABLE DOBLE CAPA COFRA HEALT - Tienda de tuferreteria.online by Ferreter\u00eda La Salle","isPartOf":{"@id":"https:\/\/tuferreteria.online\/hazlo-tu-mismo\/#website"},"primaryImageOfPage":{"@id":"https:\/\/tuferreteria.online\/hazlo-tu-mismo\/tienda\/ferreteria\/proteccion-seguridad\/higiene\/mascarilla-reutilizable-doble-capa-cofra-healt\/#primaryimage"},"image":{"@id":"https:\/\/tuferreteria.online\/hazlo-tu-mismo\/tienda\/ferreteria\/proteccion-seguridad\/higiene\/mascarilla-reutilizable-doble-capa-cofra-healt\/#primaryimage"},"thumbnailUrl":"https:\/\/tuferreteria.online\/hazlo-tu-mismo\/wp-content\/uploads\/2020\/09\/MASCARILLA-REUTILIZABLE.jpg","datePublished":"2020-09-24T12:23:16+00:00","dateModified":"2026-03-11T09:33:44+00:00","description":"La mascarilla reutilizable de doble capa es de pol\u00edester 100 % en su exterior y algod\u00f3n 100% en el interior.","breadcrumb":{"@id":"https:\/\/tuferreteria.online\/hazlo-tu-mismo\/tienda\/ferreteria\/proteccion-seguridad\/higiene\/mascarilla-reutilizable-doble-capa-cofra-healt\/#breadcrumb"},"inLanguage":"es","potentialAction":[{"@type":"ReadAction","target":["https:\/\/tuferreteria.online\/hazlo-tu-mismo\/tienda\/ferreteria\/proteccion-seguridad\/higiene\/mascarilla-reutilizable-doble-capa-cofra-healt\/"]}]},{"@type":"ImageObject","inLanguage":"es","@id":"https:\/\/tuferreteria.online\/hazlo-tu-mismo\/tienda\/ferreteria\/proteccion-seguridad\/higiene\/mascarilla-reutilizable-doble-capa-cofra-healt\/#primaryimage","url":"https:\/\/tuferreteria.online\/hazlo-tu-mismo\/wp-content\/uploads\/2020\/09\/MASCARILLA-REUTILIZABLE.jpg","contentUrl":"https:\/\/tuferreteria.online\/hazlo-tu-mismo\/wp-content\/uploads\/2020\/09\/MASCARILLA-REUTILIZABLE.jpg","width":600,"height":600,"caption":"MASCARILLA-REUTILIZABLE"},{"@type":"BreadcrumbList","@id":"https:\/\/tuferreteria.online\/hazlo-tu-mismo\/tienda\/ferreteria\/proteccion-seguridad\/higiene\/mascarilla-reutilizable-doble-capa-cofra-healt\/#breadcrumb","itemListElement":[{"@type":"ListItem","position":1,"name":"Portada","item":"https:\/\/tuferreteria.online\/hazlo-tu-mismo\/"},{"@type":"ListItem","position":2,"name":"Tienda","item":"https:\/\/tuferreteria.online\/hazlo-tu-mismo\/tienda\/"},{"@type":"ListItem","position":3,"name":"MASCARILLA REUTILIZABLE DOBLE CAPA COFRA HEALT"}]},{"@type":"WebSite","@id":"https:\/\/tuferreteria.online\/hazlo-tu-mismo\/#website","url":"https:\/\/tuferreteria.online\/hazlo-tu-mismo\/","name":"Tienda de tuferreteria.online by Ferreter\u00eda La Salle","description":"Hazlo tu mismo","potentialAction":[{"@type":"SearchAction","target":{"@type":"EntryPoint","urlTemplate":"https:\/\/tuferreteria.online\/hazlo-tu-mismo\/?s={search_term_string}"},"query-input":{"@type":"PropertyValueSpecification","valueRequired":true,"valueName":"search_term_string"}}],"inLanguage":"es"}]}},"_links":{"self":[{"href":"https:\/\/tuferreteria.online\/hazlo-tu-mismo\/wp-json\/wp\/v2\/product\/23296","targetHints":{"allow":["GET"]}}],"collection":[{"href":"https:\/\/tuferreteria.online\/hazlo-tu-mismo\/wp-json\/wp\/v2\/product"}],"about":[{"href":"https:\/\/tuferreteria.online\/hazlo-tu-mismo\/wp-json\/wp\/v2\/types\/product"}],"replies":[{"embeddable":true,"href":"https:\/\/tuferreteria.online\/hazlo-tu-mismo\/wp-json\/wp\/v2\/comments?post=23296"}],"wp:featuredmedia":[{"embeddable":true,"href":"https:\/\/tuferreteria.online\/hazlo-tu-mismo\/wp-json\/wp\/v2\/media\/23302"}],"wp:attachment":[{"href":"https:\/\/tuferreteria.online\/hazlo-tu-mismo\/wp-json\/wp\/v2\/media?parent=23296"}],"wp:term":[{"taxonomy":"brand","embeddable":true,"href":"https:\/\/tuferreteria.online\/hazlo-tu-mismo\/wp-json\/wp\/v2\/etheme_brands?post=23296"},{"taxonomy":"product_brand","embeddable":true,"href":"https:\/\/tuferreteria.online\/hazlo-tu-mismo\/wp-json\/wp\/v2\/product_brand?post=23296"},{"taxonomy":"product_cat","embeddable":true,"href":"https:\/\/tuferreteria.online\/hazlo-tu-mismo\/wp-json\/wp\/v2\/product_cat?post=23296"},{"taxonomy":"product_tag","embeddable":true,"href":"https:\/\/tuferreteria.online\/hazlo-tu-mismo\/wp-json\/wp\/v2\/product_tag?post=23296"}],"curies":[{"name":"wp","href":"https:\/\/api.w.org\/{rel}","templated":true}]}}