{"id":26426,"date":"2021-09-27T09:10:29","date_gmt":"2021-09-27T08:10:29","guid":{"rendered":"https:\/\/tuferreteria.online\/hazlo-tu-mismo\/?post_type=product&#038;p=26426"},"modified":"2026-03-11T10:32:57","modified_gmt":"2026-03-11T09:32:57","slug":"gafas-de-proteccion-oscuras","status":"publish","type":"product","link":"https:\/\/tuferreteria.online\/hazlo-tu-mismo\/tienda\/ferreteria\/proteccion-seguridad\/seguridad-en-el-trabajo\/gafas-de-proteccion-oscuras\/","title":{"rendered":"GAFAS DE PROTECCI\u00d3N OSCURAS"},"content":{"rendered":"<div class=\"wpb-content-wrapper\"><p>[vc_row][vc_column][vc_column_text]<\/p>\n<h2 style=\"text-align: center;\"><span style=\"font-size: 24pt; color: #f9e03a;\">Gafas Protecci\u00f3n Oscuras<\/span><\/h2>\n<p>&nbsp;<\/p>\n<h3>Caracter\u00edsticas:<\/h3>\n<p>&nbsp;<\/p>\n<p style=\"text-align: justify;\">Las gafas de protecci\u00f3n son pl\u00e1sticas.<\/p>\n<p>Son ideales para trabajar en el exterior, ya que son oscuras y te evitar\u00e1 el resplandor del sol.<\/p>\n<p>Te ser\u00e1n muy \u00fatiles para proteger tus ojos de part\u00edculas mientras cortas madera, utilizas la radial, sierra &#8230;[\/vc_column_text][\/vc_column][\/vc_row]<\/p>\n<\/div>","protected":false},"excerpt":{"rendered":"<h2>GAFAS PROTECTORAS<\/h2>\n","protected":false},"featured_media":26427,"comment_status":"open","ping_status":"closed","template":"","meta":{"_exactmetrics_skip_tracking":false,"_exactmetrics_sitenote_active":false,"_exactmetrics_sitenote_note":"","_exactmetrics_sitenote_category":0,"_joinchat":[]},"etheme_brands":[{"term_id":249,"name":"CLIMAX","slug":"climax","term_group":0,"term_taxonomy_id":249,"taxonomy":"brand","description":"","parent":0,"count":5,"filter":"raw"}],"product_brand":[],"product_cat":[115,48,518],"product_tag":[2896,2895,1080,1081,1082],"class_list":{"0":"post-26426","1":"product","2":"type-product","3":"status-publish","4":"has-post-thumbnail","6":"brand-climax","7":"product_cat-seguridad-en-el-trabajo","8":"product_cat-pintura-decoracion","9":"product_cat-proteccion-seguridad","10":"product_tag-comprar-gafas-protectoras","11":"product_tag-comprar-gafas-protectoras-canarias","12":"product_tag-gafas-protectoras","13":"product_tag-proteccion-de-ojos","14":"product_tag-proteccion-para-los-ojos","15":"product_shipping_class-envio-peso","17":"first","18":"instock","19":"taxable","20":"shipping-taxable","21":"purchasable","22":"product-type-simple"},"yoast_head":"<!-- This site is optimized with the Yoast SEO plugin v24.9 - https:\/\/yoast.com\/wordpress\/plugins\/seo\/ -->\n<title>GAFAS DE PROTECCI\u00d3N OSCURAS - Tienda de tuferreteria.online by Ferreter\u00eda La Salle<\/title>\n<meta name=\"description\" content=\"Las gafas de protecci\u00f3n son pl\u00e1sticas. Te ser\u00e1n muy \u00fatiles para proteger tus ojos de part\u00edculas mientras cortas madera, utilizas la radial...\" \/>\n<meta name=\"robots\" content=\"index, follow, max-snippet:-1, max-image-preview:large, max-video-preview:-1\" \/>\n<link rel=\"canonical\" href=\"https:\/\/tuferreteria.online\/hazlo-tu-mismo\/tienda\/ferreteria\/proteccion-seguridad\/seguridad-en-el-trabajo\/gafas-de-proteccion-oscuras\/\" \/>\n<meta property=\"og:locale\" content=\"es_ES\" \/>\n<meta property=\"og:type\" content=\"article\" \/>\n<meta property=\"og:title\" content=\"GAFAS DE PROTECCI\u00d3N OSCURAS - Tienda de tuferreteria.online by Ferreter\u00eda La Salle\" \/>\n<meta property=\"og:description\" content=\"Las gafas de protecci\u00f3n son pl\u00e1sticas. Te ser\u00e1n muy \u00fatiles para proteger tus ojos de part\u00edculas mientras cortas madera, utilizas la radial...\" \/>\n<meta property=\"og:url\" content=\"https:\/\/tuferreteria.online\/hazlo-tu-mismo\/tienda\/ferreteria\/proteccion-seguridad\/seguridad-en-el-trabajo\/gafas-de-proteccion-oscuras\/\" \/>\n<meta property=\"og:site_name\" content=\"Tienda de tuferreteria.online by Ferreter\u00eda La Salle\" \/>\n<meta property=\"article:modified_time\" content=\"2026-03-11T09:32:57+00:00\" \/>\n<meta property=\"og:image\" content=\"https:\/\/tuferreteria.online\/hazlo-tu-mismo\/wp-content\/uploads\/2021\/09\/GAFAS-PROTECTORAS-OSCURAS.jpg\" \/>\n\t<meta property=\"og:image:width\" content=\"600\" \/>\n\t<meta property=\"og:image:height\" content=\"600\" \/>\n\t<meta property=\"og:image:type\" content=\"image\/jpeg\" \/>\n<meta name=\"twitter:card\" content=\"summary_large_image\" \/>\n<meta name=\"twitter:label1\" content=\"Tiempo de lectura\" \/>\n\t<meta name=\"twitter:data1\" content=\"1 minuto\" \/>\n<script type=\"application\/ld+json\" class=\"yoast-schema-graph\">{\"@context\":\"https:\/\/schema.org\",\"@graph\":[{\"@type\":\"WebPage\",\"@id\":\"https:\/\/tuferreteria.online\/hazlo-tu-mismo\/tienda\/ferreteria\/proteccion-seguridad\/seguridad-en-el-trabajo\/gafas-de-proteccion-oscuras\/\",\"url\":\"https:\/\/tuferreteria.online\/hazlo-tu-mismo\/tienda\/ferreteria\/proteccion-seguridad\/seguridad-en-el-trabajo\/gafas-de-proteccion-oscuras\/\",\"name\":\"GAFAS DE PROTECCI\u00d3N OSCURAS - Tienda de tuferreteria.online by Ferreter\u00eda La Salle\",\"isPartOf\":{\"@id\":\"https:\/\/tuferreteria.online\/hazlo-tu-mismo\/#website\"},\"primaryImageOfPage\":{\"@id\":\"https:\/\/tuferreteria.online\/hazlo-tu-mismo\/tienda\/ferreteria\/proteccion-seguridad\/seguridad-en-el-trabajo\/gafas-de-proteccion-oscuras\/#primaryimage\"},\"image\":{\"@id\":\"https:\/\/tuferreteria.online\/hazlo-tu-mismo\/tienda\/ferreteria\/proteccion-seguridad\/seguridad-en-el-trabajo\/gafas-de-proteccion-oscuras\/#primaryimage\"},\"thumbnailUrl\":\"https:\/\/tuferreteria.online\/hazlo-tu-mismo\/wp-content\/uploads\/2021\/09\/GAFAS-PROTECTORAS-OSCURAS.jpg\",\"datePublished\":\"2021-09-27T08:10:29+00:00\",\"dateModified\":\"2026-03-11T09:32:57+00:00\",\"description\":\"Las gafas de protecci\u00f3n son pl\u00e1sticas. Te ser\u00e1n muy \u00fatiles para proteger tus ojos de part\u00edculas mientras cortas madera, utilizas la radial...\",\"breadcrumb\":{\"@id\":\"https:\/\/tuferreteria.online\/hazlo-tu-mismo\/tienda\/ferreteria\/proteccion-seguridad\/seguridad-en-el-trabajo\/gafas-de-proteccion-oscuras\/#breadcrumb\"},\"inLanguage\":\"es\",\"potentialAction\":[{\"@type\":\"ReadAction\",\"target\":[\"https:\/\/tuferreteria.online\/hazlo-tu-mismo\/tienda\/ferreteria\/proteccion-seguridad\/seguridad-en-el-trabajo\/gafas-de-proteccion-oscuras\/\"]}]},{\"@type\":\"ImageObject\",\"inLanguage\":\"es\",\"@id\":\"https:\/\/tuferreteria.online\/hazlo-tu-mismo\/tienda\/ferreteria\/proteccion-seguridad\/seguridad-en-el-trabajo\/gafas-de-proteccion-oscuras\/#primaryimage\",\"url\":\"https:\/\/tuferreteria.online\/hazlo-tu-mismo\/wp-content\/uploads\/2021\/09\/GAFAS-PROTECTORAS-OSCURAS.jpg\",\"contentUrl\":\"https:\/\/tuferreteria.online\/hazlo-tu-mismo\/wp-content\/uploads\/2021\/09\/GAFAS-PROTECTORAS-OSCURAS.jpg\",\"width\":600,\"height\":600,\"caption\":\"GAFAS-PROTECTORAS-OSCURAS\"},{\"@type\":\"BreadcrumbList\",\"@id\":\"https:\/\/tuferreteria.online\/hazlo-tu-mismo\/tienda\/ferreteria\/proteccion-seguridad\/seguridad-en-el-trabajo\/gafas-de-proteccion-oscuras\/#breadcrumb\",\"itemListElement\":[{\"@type\":\"ListItem\",\"position\":1,\"name\":\"Portada\",\"item\":\"https:\/\/tuferreteria.online\/hazlo-tu-mismo\/\"},{\"@type\":\"ListItem\",\"position\":2,\"name\":\"Tienda\",\"item\":\"https:\/\/tuferreteria.online\/hazlo-tu-mismo\/tienda\/\"},{\"@type\":\"ListItem\",\"position\":3,\"name\":\"GAFAS DE PROTECCI\u00d3N OSCURAS\"}]},{\"@type\":\"WebSite\",\"@id\":\"https:\/\/tuferreteria.online\/hazlo-tu-mismo\/#website\",\"url\":\"https:\/\/tuferreteria.online\/hazlo-tu-mismo\/\",\"name\":\"Tienda de tuferreteria.online by Ferreter\u00eda La Salle\",\"description\":\"Hazlo tu mismo\",\"potentialAction\":[{\"@type\":\"SearchAction\",\"target\":{\"@type\":\"EntryPoint\",\"urlTemplate\":\"https:\/\/tuferreteria.online\/hazlo-tu-mismo\/?s={search_term_string}\"},\"query-input\":{\"@type\":\"PropertyValueSpecification\",\"valueRequired\":true,\"valueName\":\"search_term_string\"}}],\"inLanguage\":\"es\"}]}<\/script>\n<!-- \/ Yoast SEO plugin. -->","yoast_head_json":{"title":"GAFAS DE PROTECCI\u00d3N OSCURAS - Tienda de tuferreteria.online by Ferreter\u00eda La Salle","description":"Las gafas de protecci\u00f3n son pl\u00e1sticas. Te ser\u00e1n muy \u00fatiles para proteger tus ojos de part\u00edculas mientras cortas madera, utilizas la radial...","robots":{"index":"index","follow":"follow","max-snippet":"max-snippet:-1","max-image-preview":"max-image-preview:large","max-video-preview":"max-video-preview:-1"},"canonical":"https:\/\/tuferreteria.online\/hazlo-tu-mismo\/tienda\/ferreteria\/proteccion-seguridad\/seguridad-en-el-trabajo\/gafas-de-proteccion-oscuras\/","og_locale":"es_ES","og_type":"article","og_title":"GAFAS DE PROTECCI\u00d3N OSCURAS - Tienda de tuferreteria.online by Ferreter\u00eda La Salle","og_description":"Las gafas de protecci\u00f3n son pl\u00e1sticas. Te ser\u00e1n muy \u00fatiles para proteger tus ojos de part\u00edculas mientras cortas madera, utilizas la radial...","og_url":"https:\/\/tuferreteria.online\/hazlo-tu-mismo\/tienda\/ferreteria\/proteccion-seguridad\/seguridad-en-el-trabajo\/gafas-de-proteccion-oscuras\/","og_site_name":"Tienda de tuferreteria.online by Ferreter\u00eda La Salle","article_modified_time":"2026-03-11T09:32:57+00:00","og_image":[{"width":600,"height":600,"url":"https:\/\/tuferreteria.online\/hazlo-tu-mismo\/wp-content\/uploads\/2021\/09\/GAFAS-PROTECTORAS-OSCURAS.jpg","type":"image\/jpeg"}],"twitter_card":"summary_large_image","twitter_misc":{"Tiempo de lectura":"1 minuto"},"schema":{"@context":"https:\/\/schema.org","@graph":[{"@type":"WebPage","@id":"https:\/\/tuferreteria.online\/hazlo-tu-mismo\/tienda\/ferreteria\/proteccion-seguridad\/seguridad-en-el-trabajo\/gafas-de-proteccion-oscuras\/","url":"https:\/\/tuferreteria.online\/hazlo-tu-mismo\/tienda\/ferreteria\/proteccion-seguridad\/seguridad-en-el-trabajo\/gafas-de-proteccion-oscuras\/","name":"GAFAS DE PROTECCI\u00d3N OSCURAS - Tienda de tuferreteria.online by Ferreter\u00eda La Salle","isPartOf":{"@id":"https:\/\/tuferreteria.online\/hazlo-tu-mismo\/#website"},"primaryImageOfPage":{"@id":"https:\/\/tuferreteria.online\/hazlo-tu-mismo\/tienda\/ferreteria\/proteccion-seguridad\/seguridad-en-el-trabajo\/gafas-de-proteccion-oscuras\/#primaryimage"},"image":{"@id":"https:\/\/tuferreteria.online\/hazlo-tu-mismo\/tienda\/ferreteria\/proteccion-seguridad\/seguridad-en-el-trabajo\/gafas-de-proteccion-oscuras\/#primaryimage"},"thumbnailUrl":"https:\/\/tuferreteria.online\/hazlo-tu-mismo\/wp-content\/uploads\/2021\/09\/GAFAS-PROTECTORAS-OSCURAS.jpg","datePublished":"2021-09-27T08:10:29+00:00","dateModified":"2026-03-11T09:32:57+00:00","description":"Las gafas de protecci\u00f3n son pl\u00e1sticas. Te ser\u00e1n muy \u00fatiles para proteger tus ojos de part\u00edculas mientras cortas madera, utilizas la radial...","breadcrumb":{"@id":"https:\/\/tuferreteria.online\/hazlo-tu-mismo\/tienda\/ferreteria\/proteccion-seguridad\/seguridad-en-el-trabajo\/gafas-de-proteccion-oscuras\/#breadcrumb"},"inLanguage":"es","potentialAction":[{"@type":"ReadAction","target":["https:\/\/tuferreteria.online\/hazlo-tu-mismo\/tienda\/ferreteria\/proteccion-seguridad\/seguridad-en-el-trabajo\/gafas-de-proteccion-oscuras\/"]}]},{"@type":"ImageObject","inLanguage":"es","@id":"https:\/\/tuferreteria.online\/hazlo-tu-mismo\/tienda\/ferreteria\/proteccion-seguridad\/seguridad-en-el-trabajo\/gafas-de-proteccion-oscuras\/#primaryimage","url":"https:\/\/tuferreteria.online\/hazlo-tu-mismo\/wp-content\/uploads\/2021\/09\/GAFAS-PROTECTORAS-OSCURAS.jpg","contentUrl":"https:\/\/tuferreteria.online\/hazlo-tu-mismo\/wp-content\/uploads\/2021\/09\/GAFAS-PROTECTORAS-OSCURAS.jpg","width":600,"height":600,"caption":"GAFAS-PROTECTORAS-OSCURAS"},{"@type":"BreadcrumbList","@id":"https:\/\/tuferreteria.online\/hazlo-tu-mismo\/tienda\/ferreteria\/proteccion-seguridad\/seguridad-en-el-trabajo\/gafas-de-proteccion-oscuras\/#breadcrumb","itemListElement":[{"@type":"ListItem","position":1,"name":"Portada","item":"https:\/\/tuferreteria.online\/hazlo-tu-mismo\/"},{"@type":"ListItem","position":2,"name":"Tienda","item":"https:\/\/tuferreteria.online\/hazlo-tu-mismo\/tienda\/"},{"@type":"ListItem","position":3,"name":"GAFAS DE PROTECCI\u00d3N OSCURAS"}]},{"@type":"WebSite","@id":"https:\/\/tuferreteria.online\/hazlo-tu-mismo\/#website","url":"https:\/\/tuferreteria.online\/hazlo-tu-mismo\/","name":"Tienda de tuferreteria.online by Ferreter\u00eda La Salle","description":"Hazlo tu mismo","potentialAction":[{"@type":"SearchAction","target":{"@type":"EntryPoint","urlTemplate":"https:\/\/tuferreteria.online\/hazlo-tu-mismo\/?s={search_term_string}"},"query-input":{"@type":"PropertyValueSpecification","valueRequired":true,"valueName":"search_term_string"}}],"inLanguage":"es"}]}},"_links":{"self":[{"href":"https:\/\/tuferreteria.online\/hazlo-tu-mismo\/wp-json\/wp\/v2\/product\/26426","targetHints":{"allow":["GET"]}}],"collection":[{"href":"https:\/\/tuferreteria.online\/hazlo-tu-mismo\/wp-json\/wp\/v2\/product"}],"about":[{"href":"https:\/\/tuferreteria.online\/hazlo-tu-mismo\/wp-json\/wp\/v2\/types\/product"}],"replies":[{"embeddable":true,"href":"https:\/\/tuferreteria.online\/hazlo-tu-mismo\/wp-json\/wp\/v2\/comments?post=26426"}],"wp:featuredmedia":[{"embeddable":true,"href":"https:\/\/tuferreteria.online\/hazlo-tu-mismo\/wp-json\/wp\/v2\/media\/26427"}],"wp:attachment":[{"href":"https:\/\/tuferreteria.online\/hazlo-tu-mismo\/wp-json\/wp\/v2\/media?parent=26426"}],"wp:term":[{"taxonomy":"brand","embeddable":true,"href":"https:\/\/tuferreteria.online\/hazlo-tu-mismo\/wp-json\/wp\/v2\/etheme_brands?post=26426"},{"taxonomy":"product_brand","embeddable":true,"href":"https:\/\/tuferreteria.online\/hazlo-tu-mismo\/wp-json\/wp\/v2\/product_brand?post=26426"},{"taxonomy":"product_cat","embeddable":true,"href":"https:\/\/tuferreteria.online\/hazlo-tu-mismo\/wp-json\/wp\/v2\/product_cat?post=26426"},{"taxonomy":"product_tag","embeddable":true,"href":"https:\/\/tuferreteria.online\/hazlo-tu-mismo\/wp-json\/wp\/v2\/product_tag?post=26426"}],"curies":[{"name":"wp","href":"https:\/\/api.w.org\/{rel}","templated":true}]}}