{"id":27771,"date":"2022-03-21T13:51:48","date_gmt":"2022-03-21T12:51:48","guid":{"rendered":"https:\/\/tuferreteria.online\/hazlo-tu-mismo\/tienda\/sin%20categor\u00eda\/protector-auditivo-optime-i-3m\/"},"modified":"2023-01-27T12:33:19","modified_gmt":"2023-01-27T11:33:19","slug":"protector-auditivo-optime-i-3m","status":"publish","type":"product","link":"https:\/\/tuferreteria.online\/hazlo-tu-mismo\/tienda\/ferreteria\/proteccion-seguridad\/seguridad-en-el-trabajo\/protector-auditivo-optime-i-3m\/","title":{"rendered":"PROTECTOR AUDITIVO OPTIMEL 3M"},"content":{"rendered":"<div class=\"wpb-content-wrapper\"><p>[vc_row][vc_column][vc_column_text]<\/p>\n<h2 style=\"text-align: center;\"><span style=\"font-size: 24pt; color: #f9e03a;\">Protector Auditivo 3M<\/span><\/h2>\n<p>&nbsp;<\/p>\n<h3>Caracter\u00edsticas:<\/h3>\n<p>&nbsp;<\/p>\n<p style=\"text-align: justify;\">El protector auditivo de 3M Optimel reduce el nivel de ruido hasta 28 dB.<\/p>\n<p style=\"text-align: justify;\">Las almohadillas est\u00e1n rellenas con una combinaci\u00f3n de l\u00edquido y espuma, para mayor confort.<\/p>\n<p style=\"text-align: justify;\">Ideal para ruidos industriales moderados, como en talleres, carpinter\u00edas met\u00e1licas, imprentas, actividades en exterior de poda&#8230;<\/p>\n<p>[\/vc_column_text][\/vc_column][\/vc_row]<\/p>\n<\/div>","protected":false},"excerpt":{"rendered":"<h2>CASCOS PROTECCI\u00d3N DE TRABAJO<\/h2>\n","protected":false},"featured_media":27789,"comment_status":"closed","ping_status":"closed","template":"","meta":{"_exactmetrics_skip_tracking":false,"_exactmetrics_sitenote_active":false,"_exactmetrics_sitenote_note":"","_exactmetrics_sitenote_category":0,"_joinchat":[]},"etheme_brands":[{"term_id":3504,"name":"3M","slug":"3m","term_group":0,"term_taxonomy_id":3504,"taxonomy":"brand","description":"","parent":0,"count":2,"filter":"raw"}],"product_brand":[],"product_cat":[115,416,518],"product_tag":[3209,3208,1041],"class_list":{"0":"post-27771","1":"product","2":"type-product","3":"status-publish","4":"has-post-thumbnail","6":"brand-3m","7":"product_cat-seguridad-en-el-trabajo","8":"product_cat-ferreteria","9":"product_cat-proteccion-seguridad","10":"product_tag-cascos-proteccion-auditiva","11":"product_tag-cascos-protectores-de-ruido","12":"product_tag-orejeras","13":"product_shipping_class-envio-peso","15":"first","16":"instock","17":"taxable","18":"shipping-taxable","19":"purchasable","20":"product-type-simple"},"yoast_head":"<!-- This site is optimized with the Yoast SEO plugin v24.9 - https:\/\/yoast.com\/wordpress\/plugins\/seo\/ -->\n<title>PROTECTOR AUDITIVO OPTIMEL 3M - Tienda de tuferreteria.online by Ferreter\u00eda La Salle<\/title>\n<meta name=\"description\" content=\"El protector auditivo de 3M Optimel reduce el nivel de ruido hasta 28 dB. Las almohadillas est\u00e1n rellenas con una combinaci\u00f3n de l\u00edquido y espuma, para mayor confort.\" \/>\n<meta name=\"robots\" content=\"index, follow, max-snippet:-1, max-image-preview:large, max-video-preview:-1\" \/>\n<link rel=\"canonical\" href=\"https:\/\/tuferreteria.online\/hazlo-tu-mismo\/tienda\/ferreteria\/proteccion-seguridad\/seguridad-en-el-trabajo\/protector-auditivo-optime-i-3m\/\" \/>\n<meta property=\"og:locale\" content=\"es_ES\" \/>\n<meta property=\"og:type\" content=\"article\" \/>\n<meta property=\"og:title\" content=\"PROTECTOR AUDITIVO OPTIMEL 3M - Tienda de tuferreteria.online by Ferreter\u00eda La Salle\" \/>\n<meta property=\"og:description\" content=\"El protector auditivo de 3M Optimel reduce el nivel de ruido hasta 28 dB. Las almohadillas est\u00e1n rellenas con una combinaci\u00f3n de l\u00edquido y espuma, para mayor confort.\" \/>\n<meta property=\"og:url\" content=\"https:\/\/tuferreteria.online\/hazlo-tu-mismo\/tienda\/ferreteria\/proteccion-seguridad\/seguridad-en-el-trabajo\/protector-auditivo-optime-i-3m\/\" \/>\n<meta property=\"og:site_name\" content=\"Tienda de tuferreteria.online by Ferreter\u00eda La Salle\" \/>\n<meta property=\"article:modified_time\" content=\"2023-01-27T11:33:19+00:00\" \/>\n<meta property=\"og:image\" content=\"https:\/\/tuferreteria.online\/hazlo-tu-mismo\/wp-content\/uploads\/2022\/03\/PROTECTOR-AUDITIVO-3M-OPTIMEL-1.jpg\" \/>\n\t<meta property=\"og:image:width\" content=\"600\" \/>\n\t<meta property=\"og:image:height\" content=\"600\" \/>\n\t<meta property=\"og:image:type\" content=\"image\/jpeg\" \/>\n<meta name=\"twitter:card\" content=\"summary_large_image\" \/>\n<meta name=\"twitter:label1\" content=\"Tiempo de lectura\" \/>\n\t<meta name=\"twitter:data1\" content=\"1 minuto\" \/>\n<script type=\"application\/ld+json\" class=\"yoast-schema-graph\">{\"@context\":\"https:\/\/schema.org\",\"@graph\":[{\"@type\":\"WebPage\",\"@id\":\"https:\/\/tuferreteria.online\/hazlo-tu-mismo\/tienda\/ferreteria\/proteccion-seguridad\/seguridad-en-el-trabajo\/protector-auditivo-optime-i-3m\/\",\"url\":\"https:\/\/tuferreteria.online\/hazlo-tu-mismo\/tienda\/ferreteria\/proteccion-seguridad\/seguridad-en-el-trabajo\/protector-auditivo-optime-i-3m\/\",\"name\":\"PROTECTOR AUDITIVO OPTIMEL 3M - Tienda de tuferreteria.online by Ferreter\u00eda La Salle\",\"isPartOf\":{\"@id\":\"https:\/\/tuferreteria.online\/hazlo-tu-mismo\/#website\"},\"primaryImageOfPage\":{\"@id\":\"https:\/\/tuferreteria.online\/hazlo-tu-mismo\/tienda\/ferreteria\/proteccion-seguridad\/seguridad-en-el-trabajo\/protector-auditivo-optime-i-3m\/#primaryimage\"},\"image\":{\"@id\":\"https:\/\/tuferreteria.online\/hazlo-tu-mismo\/tienda\/ferreteria\/proteccion-seguridad\/seguridad-en-el-trabajo\/protector-auditivo-optime-i-3m\/#primaryimage\"},\"thumbnailUrl\":\"https:\/\/tuferreteria.online\/hazlo-tu-mismo\/wp-content\/uploads\/2022\/03\/PROTECTOR-AUDITIVO-3M-OPTIMEL-1.jpg\",\"datePublished\":\"2022-03-21T12:51:48+00:00\",\"dateModified\":\"2023-01-27T11:33:19+00:00\",\"description\":\"El protector auditivo de 3M Optimel reduce el nivel de ruido hasta 28 dB. Las almohadillas est\u00e1n rellenas con una combinaci\u00f3n de l\u00edquido y espuma, para mayor confort.\",\"breadcrumb\":{\"@id\":\"https:\/\/tuferreteria.online\/hazlo-tu-mismo\/tienda\/ferreteria\/proteccion-seguridad\/seguridad-en-el-trabajo\/protector-auditivo-optime-i-3m\/#breadcrumb\"},\"inLanguage\":\"es\",\"potentialAction\":[{\"@type\":\"ReadAction\",\"target\":[\"https:\/\/tuferreteria.online\/hazlo-tu-mismo\/tienda\/ferreteria\/proteccion-seguridad\/seguridad-en-el-trabajo\/protector-auditivo-optime-i-3m\/\"]}]},{\"@type\":\"ImageObject\",\"inLanguage\":\"es\",\"@id\":\"https:\/\/tuferreteria.online\/hazlo-tu-mismo\/tienda\/ferreteria\/proteccion-seguridad\/seguridad-en-el-trabajo\/protector-auditivo-optime-i-3m\/#primaryimage\",\"url\":\"https:\/\/tuferreteria.online\/hazlo-tu-mismo\/wp-content\/uploads\/2022\/03\/PROTECTOR-AUDITIVO-3M-OPTIMEL-1.jpg\",\"contentUrl\":\"https:\/\/tuferreteria.online\/hazlo-tu-mismo\/wp-content\/uploads\/2022\/03\/PROTECTOR-AUDITIVO-3M-OPTIMEL-1.jpg\",\"width\":600,\"height\":600,\"caption\":\"PROTECTOR-AUDITIVO-3M-OPTIMEL-1\"},{\"@type\":\"BreadcrumbList\",\"@id\":\"https:\/\/tuferreteria.online\/hazlo-tu-mismo\/tienda\/ferreteria\/proteccion-seguridad\/seguridad-en-el-trabajo\/protector-auditivo-optime-i-3m\/#breadcrumb\",\"itemListElement\":[{\"@type\":\"ListItem\",\"position\":1,\"name\":\"Portada\",\"item\":\"https:\/\/tuferreteria.online\/hazlo-tu-mismo\/\"},{\"@type\":\"ListItem\",\"position\":2,\"name\":\"Tienda\",\"item\":\"https:\/\/tuferreteria.online\/hazlo-tu-mismo\/tienda\/\"},{\"@type\":\"ListItem\",\"position\":3,\"name\":\"PROTECTOR AUDITIVO OPTIMEL 3M\"}]},{\"@type\":\"WebSite\",\"@id\":\"https:\/\/tuferreteria.online\/hazlo-tu-mismo\/#website\",\"url\":\"https:\/\/tuferreteria.online\/hazlo-tu-mismo\/\",\"name\":\"Tienda de tuferreteria.online by Ferreter\u00eda La Salle\",\"description\":\"Hazlo tu mismo\",\"potentialAction\":[{\"@type\":\"SearchAction\",\"target\":{\"@type\":\"EntryPoint\",\"urlTemplate\":\"https:\/\/tuferreteria.online\/hazlo-tu-mismo\/?s={search_term_string}\"},\"query-input\":{\"@type\":\"PropertyValueSpecification\",\"valueRequired\":true,\"valueName\":\"search_term_string\"}}],\"inLanguage\":\"es\"}]}<\/script>\n<!-- \/ Yoast SEO plugin. -->","yoast_head_json":{"title":"PROTECTOR AUDITIVO OPTIMEL 3M - Tienda de tuferreteria.online by Ferreter\u00eda La Salle","description":"El protector auditivo de 3M Optimel reduce el nivel de ruido hasta 28 dB. Las almohadillas est\u00e1n rellenas con una combinaci\u00f3n de l\u00edquido y espuma, para mayor confort.","robots":{"index":"index","follow":"follow","max-snippet":"max-snippet:-1","max-image-preview":"max-image-preview:large","max-video-preview":"max-video-preview:-1"},"canonical":"https:\/\/tuferreteria.online\/hazlo-tu-mismo\/tienda\/ferreteria\/proteccion-seguridad\/seguridad-en-el-trabajo\/protector-auditivo-optime-i-3m\/","og_locale":"es_ES","og_type":"article","og_title":"PROTECTOR AUDITIVO OPTIMEL 3M - Tienda de tuferreteria.online by Ferreter\u00eda La Salle","og_description":"El protector auditivo de 3M Optimel reduce el nivel de ruido hasta 28 dB. Las almohadillas est\u00e1n rellenas con una combinaci\u00f3n de l\u00edquido y espuma, para mayor confort.","og_url":"https:\/\/tuferreteria.online\/hazlo-tu-mismo\/tienda\/ferreteria\/proteccion-seguridad\/seguridad-en-el-trabajo\/protector-auditivo-optime-i-3m\/","og_site_name":"Tienda de tuferreteria.online by Ferreter\u00eda La Salle","article_modified_time":"2023-01-27T11:33:19+00:00","og_image":[{"width":600,"height":600,"url":"https:\/\/tuferreteria.online\/hazlo-tu-mismo\/wp-content\/uploads\/2022\/03\/PROTECTOR-AUDITIVO-3M-OPTIMEL-1.jpg","type":"image\/jpeg"}],"twitter_card":"summary_large_image","twitter_misc":{"Tiempo de lectura":"1 minuto"},"schema":{"@context":"https:\/\/schema.org","@graph":[{"@type":"WebPage","@id":"https:\/\/tuferreteria.online\/hazlo-tu-mismo\/tienda\/ferreteria\/proteccion-seguridad\/seguridad-en-el-trabajo\/protector-auditivo-optime-i-3m\/","url":"https:\/\/tuferreteria.online\/hazlo-tu-mismo\/tienda\/ferreteria\/proteccion-seguridad\/seguridad-en-el-trabajo\/protector-auditivo-optime-i-3m\/","name":"PROTECTOR AUDITIVO OPTIMEL 3M - Tienda de tuferreteria.online by Ferreter\u00eda La Salle","isPartOf":{"@id":"https:\/\/tuferreteria.online\/hazlo-tu-mismo\/#website"},"primaryImageOfPage":{"@id":"https:\/\/tuferreteria.online\/hazlo-tu-mismo\/tienda\/ferreteria\/proteccion-seguridad\/seguridad-en-el-trabajo\/protector-auditivo-optime-i-3m\/#primaryimage"},"image":{"@id":"https:\/\/tuferreteria.online\/hazlo-tu-mismo\/tienda\/ferreteria\/proteccion-seguridad\/seguridad-en-el-trabajo\/protector-auditivo-optime-i-3m\/#primaryimage"},"thumbnailUrl":"https:\/\/tuferreteria.online\/hazlo-tu-mismo\/wp-content\/uploads\/2022\/03\/PROTECTOR-AUDITIVO-3M-OPTIMEL-1.jpg","datePublished":"2022-03-21T12:51:48+00:00","dateModified":"2023-01-27T11:33:19+00:00","description":"El protector auditivo de 3M Optimel reduce el nivel de ruido hasta 28 dB. Las almohadillas est\u00e1n rellenas con una combinaci\u00f3n de l\u00edquido y espuma, para mayor confort.","breadcrumb":{"@id":"https:\/\/tuferreteria.online\/hazlo-tu-mismo\/tienda\/ferreteria\/proteccion-seguridad\/seguridad-en-el-trabajo\/protector-auditivo-optime-i-3m\/#breadcrumb"},"inLanguage":"es","potentialAction":[{"@type":"ReadAction","target":["https:\/\/tuferreteria.online\/hazlo-tu-mismo\/tienda\/ferreteria\/proteccion-seguridad\/seguridad-en-el-trabajo\/protector-auditivo-optime-i-3m\/"]}]},{"@type":"ImageObject","inLanguage":"es","@id":"https:\/\/tuferreteria.online\/hazlo-tu-mismo\/tienda\/ferreteria\/proteccion-seguridad\/seguridad-en-el-trabajo\/protector-auditivo-optime-i-3m\/#primaryimage","url":"https:\/\/tuferreteria.online\/hazlo-tu-mismo\/wp-content\/uploads\/2022\/03\/PROTECTOR-AUDITIVO-3M-OPTIMEL-1.jpg","contentUrl":"https:\/\/tuferreteria.online\/hazlo-tu-mismo\/wp-content\/uploads\/2022\/03\/PROTECTOR-AUDITIVO-3M-OPTIMEL-1.jpg","width":600,"height":600,"caption":"PROTECTOR-AUDITIVO-3M-OPTIMEL-1"},{"@type":"BreadcrumbList","@id":"https:\/\/tuferreteria.online\/hazlo-tu-mismo\/tienda\/ferreteria\/proteccion-seguridad\/seguridad-en-el-trabajo\/protector-auditivo-optime-i-3m\/#breadcrumb","itemListElement":[{"@type":"ListItem","position":1,"name":"Portada","item":"https:\/\/tuferreteria.online\/hazlo-tu-mismo\/"},{"@type":"ListItem","position":2,"name":"Tienda","item":"https:\/\/tuferreteria.online\/hazlo-tu-mismo\/tienda\/"},{"@type":"ListItem","position":3,"name":"PROTECTOR AUDITIVO OPTIMEL 3M"}]},{"@type":"WebSite","@id":"https:\/\/tuferreteria.online\/hazlo-tu-mismo\/#website","url":"https:\/\/tuferreteria.online\/hazlo-tu-mismo\/","name":"Tienda de tuferreteria.online by Ferreter\u00eda La Salle","description":"Hazlo tu mismo","potentialAction":[{"@type":"SearchAction","target":{"@type":"EntryPoint","urlTemplate":"https:\/\/tuferreteria.online\/hazlo-tu-mismo\/?s={search_term_string}"},"query-input":{"@type":"PropertyValueSpecification","valueRequired":true,"valueName":"search_term_string"}}],"inLanguage":"es"}]}},"_links":{"self":[{"href":"https:\/\/tuferreteria.online\/hazlo-tu-mismo\/wp-json\/wp\/v2\/product\/27771","targetHints":{"allow":["GET"]}}],"collection":[{"href":"https:\/\/tuferreteria.online\/hazlo-tu-mismo\/wp-json\/wp\/v2\/product"}],"about":[{"href":"https:\/\/tuferreteria.online\/hazlo-tu-mismo\/wp-json\/wp\/v2\/types\/product"}],"replies":[{"embeddable":true,"href":"https:\/\/tuferreteria.online\/hazlo-tu-mismo\/wp-json\/wp\/v2\/comments?post=27771"}],"wp:featuredmedia":[{"embeddable":true,"href":"https:\/\/tuferreteria.online\/hazlo-tu-mismo\/wp-json\/wp\/v2\/media\/27789"}],"wp:attachment":[{"href":"https:\/\/tuferreteria.online\/hazlo-tu-mismo\/wp-json\/wp\/v2\/media?parent=27771"}],"wp:term":[{"taxonomy":"brand","embeddable":true,"href":"https:\/\/tuferreteria.online\/hazlo-tu-mismo\/wp-json\/wp\/v2\/etheme_brands?post=27771"},{"taxonomy":"product_brand","embeddable":true,"href":"https:\/\/tuferreteria.online\/hazlo-tu-mismo\/wp-json\/wp\/v2\/product_brand?post=27771"},{"taxonomy":"product_cat","embeddable":true,"href":"https:\/\/tuferreteria.online\/hazlo-tu-mismo\/wp-json\/wp\/v2\/product_cat?post=27771"},{"taxonomy":"product_tag","embeddable":true,"href":"https:\/\/tuferreteria.online\/hazlo-tu-mismo\/wp-json\/wp\/v2\/product_tag?post=27771"}],"curies":[{"name":"wp","href":"https:\/\/api.w.org\/{rel}","templated":true}]}}