{"id":9165,"date":"2021-10-07T11:01:47","date_gmt":"2021-10-07T10:01:47","guid":{"rendered":"https:\/\/tuferreteria.online\/hazlo-tu-mismo\/tienda\/sin%20categorizar\/mascarilla-md-756-a12-filtros\/"},"modified":"2026-03-11T11:17:16","modified_gmt":"2026-03-11T10:17:16","slug":"mascarilla-uso-profesional-climax","status":"publish","type":"product","link":"https:\/\/tuferreteria.online\/hazlo-tu-mismo\/tienda\/ferreteria\/proteccion-seguridad\/seguridad-en-el-trabajo\/mascarilla-uso-profesional-climax\/","title":{"rendered":"MASCARILLA USO PROFESIONAL 756 CLIMAX"},"content":{"rendered":"<div class=\"wpb-content-wrapper\"><p>[vc_row][vc_column][vc_column_text]<\/p>\n<h2 style=\"text-align: center;\"><span style=\"font-size: 24pt; color: #f9e03a;\">Mascarilla Uso Profesional<\/span><\/h2>\n<p>&nbsp;<\/p>\n<h3>Caracter\u00edsticas:<\/h3>\n<p>&nbsp;<\/p>\n<p style=\"text-align: justify;\">La mascarilla de uso profesional es una semi m\u00e1scara fabricada en caucho natural muy flexible.<\/p>\n<p style=\"text-align: justify;\">Los filtros son intercambiables.<\/p>\n<p style=\"text-align: justify;\">Posee dos filtros laterales que proporcionan una buena respiraci\u00f3n.<\/p>\n<p style=\"text-align: justify;\">Es de f\u00e1cil mantenimiento y tiene un arn\u00e9s dise\u00f1ado para ajustarlo alrededor de la cabeza.<\/p>\n<p style=\"text-align: justify;\">Te proteger\u00e1 de gases, vapores, part\u00edculas y una combinaci\u00f3n de los dos.<\/p>\n<p style=\"text-align: justify;\">Norma: EN 140:1998 &#8211;\u00a0 FP 50.<\/p>\n<p>[\/vc_column_text][\/vc_column][\/vc_row]<\/p>\n<\/div>","protected":false},"excerpt":{"rendered":"<h2>MASCARILLA MODELO 756\u00a0 + 2 FILTROS<\/h2>\n","protected":false},"featured_media":9167,"comment_status":"closed","ping_status":"closed","template":"","meta":{"_exactmetrics_skip_tracking":false,"_exactmetrics_sitenote_active":false,"_exactmetrics_sitenote_note":"","_exactmetrics_sitenote_category":0,"_joinchat":[]},"etheme_brands":[{"term_id":249,"name":"CLIMAX","slug":"climax","term_group":0,"term_taxonomy_id":249,"taxonomy":"brand","description":"","parent":0,"count":5,"filter":"raw"}],"product_brand":[],"product_cat":[115,48],"product_tag":[3005,3000,247,3003,3004,248],"class_list":{"0":"post-9165","1":"product","2":"type-product","3":"status-publish","4":"has-post-thumbnail","6":"brand-climax","7":"product_cat-seguridad-en-el-trabajo","8":"product_cat-pintura-decoracion","9":"product_tag-comprar-mascarilla-profesional-con-filtro","10":"product_tag-comprar-mascarilla-tenerife","11":"product_tag-mascarilla","12":"product_tag-mascarilla-756-climax","13":"product_tag-mascarilla-profesional-particulas","14":"product_tag-proteccion","15":"product_shipping_class-envio-peso","17":"first","18":"instock","19":"taxable","20":"shipping-taxable","21":"purchasable","22":"product-type-simple"},"yoast_head":"<!-- This site is optimized with the Yoast SEO plugin v24.9 - https:\/\/yoast.com\/wordpress\/plugins\/seo\/ -->\n<title>MASCARILLA USO PROFESIONAL 756 CLIMAX - Tienda de tuferreteria.online by Ferreter\u00eda La Salle<\/title>\n<meta name=\"description\" content=\"La mascarilla de uso profesional es una semi m\u00e1scara fabricada en caucho natural muy flexible. Los filtros son intercambiables.\" \/>\n<meta name=\"robots\" content=\"index, follow, max-snippet:-1, max-image-preview:large, max-video-preview:-1\" \/>\n<link rel=\"canonical\" href=\"https:\/\/tuferreteria.online\/hazlo-tu-mismo\/tienda\/ferreteria\/proteccion-seguridad\/seguridad-en-el-trabajo\/mascarilla-uso-profesional-climax\/\" \/>\n<meta property=\"og:locale\" content=\"es_ES\" \/>\n<meta property=\"og:type\" content=\"article\" \/>\n<meta property=\"og:title\" content=\"MASCARILLA USO PROFESIONAL 756 CLIMAX - Tienda de tuferreteria.online by Ferreter\u00eda La Salle\" \/>\n<meta property=\"og:description\" content=\"La mascarilla de uso profesional es una semi m\u00e1scara fabricada en caucho natural muy flexible. Los filtros son intercambiables.\" \/>\n<meta property=\"og:url\" content=\"https:\/\/tuferreteria.online\/hazlo-tu-mismo\/tienda\/ferreteria\/proteccion-seguridad\/seguridad-en-el-trabajo\/mascarilla-uso-profesional-climax\/\" \/>\n<meta property=\"og:site_name\" content=\"Tienda de tuferreteria.online by Ferreter\u00eda La Salle\" \/>\n<meta property=\"article:modified_time\" content=\"2026-03-11T10:17:16+00:00\" \/>\n<meta property=\"og:image\" content=\"https:\/\/tuferreteria.online\/hazlo-tu-mismo\/wp-content\/uploads\/2018\/12\/MASCARILLA-CLIMAX-756.jpg\" \/>\n\t<meta property=\"og:image:width\" content=\"450\" \/>\n\t<meta property=\"og:image:height\" content=\"450\" \/>\n\t<meta property=\"og:image:type\" content=\"image\/jpeg\" \/>\n<meta name=\"twitter:card\" content=\"summary_large_image\" \/>\n<meta name=\"twitter:label1\" content=\"Tiempo de lectura\" \/>\n\t<meta name=\"twitter:data1\" content=\"1 minuto\" \/>\n<script type=\"application\/ld+json\" class=\"yoast-schema-graph\">{\"@context\":\"https:\/\/schema.org\",\"@graph\":[{\"@type\":\"WebPage\",\"@id\":\"https:\/\/tuferreteria.online\/hazlo-tu-mismo\/tienda\/ferreteria\/proteccion-seguridad\/seguridad-en-el-trabajo\/mascarilla-uso-profesional-climax\/\",\"url\":\"https:\/\/tuferreteria.online\/hazlo-tu-mismo\/tienda\/ferreteria\/proteccion-seguridad\/seguridad-en-el-trabajo\/mascarilla-uso-profesional-climax\/\",\"name\":\"MASCARILLA USO PROFESIONAL 756 CLIMAX - Tienda de tuferreteria.online by Ferreter\u00eda La Salle\",\"isPartOf\":{\"@id\":\"https:\/\/tuferreteria.online\/hazlo-tu-mismo\/#website\"},\"primaryImageOfPage\":{\"@id\":\"https:\/\/tuferreteria.online\/hazlo-tu-mismo\/tienda\/ferreteria\/proteccion-seguridad\/seguridad-en-el-trabajo\/mascarilla-uso-profesional-climax\/#primaryimage\"},\"image\":{\"@id\":\"https:\/\/tuferreteria.online\/hazlo-tu-mismo\/tienda\/ferreteria\/proteccion-seguridad\/seguridad-en-el-trabajo\/mascarilla-uso-profesional-climax\/#primaryimage\"},\"thumbnailUrl\":\"https:\/\/tuferreteria.online\/hazlo-tu-mismo\/wp-content\/uploads\/2018\/12\/MASCARILLA-CLIMAX-756.jpg\",\"datePublished\":\"2021-10-07T10:01:47+00:00\",\"dateModified\":\"2026-03-11T10:17:16+00:00\",\"description\":\"La mascarilla de uso profesional es una semi m\u00e1scara fabricada en caucho natural muy flexible. Los filtros son intercambiables.\",\"breadcrumb\":{\"@id\":\"https:\/\/tuferreteria.online\/hazlo-tu-mismo\/tienda\/ferreteria\/proteccion-seguridad\/seguridad-en-el-trabajo\/mascarilla-uso-profesional-climax\/#breadcrumb\"},\"inLanguage\":\"es\",\"potentialAction\":[{\"@type\":\"ReadAction\",\"target\":[\"https:\/\/tuferreteria.online\/hazlo-tu-mismo\/tienda\/ferreteria\/proteccion-seguridad\/seguridad-en-el-trabajo\/mascarilla-uso-profesional-climax\/\"]}]},{\"@type\":\"ImageObject\",\"inLanguage\":\"es\",\"@id\":\"https:\/\/tuferreteria.online\/hazlo-tu-mismo\/tienda\/ferreteria\/proteccion-seguridad\/seguridad-en-el-trabajo\/mascarilla-uso-profesional-climax\/#primaryimage\",\"url\":\"https:\/\/tuferreteria.online\/hazlo-tu-mismo\/wp-content\/uploads\/2018\/12\/MASCARILLA-CLIMAX-756.jpg\",\"contentUrl\":\"https:\/\/tuferreteria.online\/hazlo-tu-mismo\/wp-content\/uploads\/2018\/12\/MASCARILLA-CLIMAX-756.jpg\",\"width\":450,\"height\":450,\"caption\":\"MASCARILLA-CLIMAX-756\"},{\"@type\":\"BreadcrumbList\",\"@id\":\"https:\/\/tuferreteria.online\/hazlo-tu-mismo\/tienda\/ferreteria\/proteccion-seguridad\/seguridad-en-el-trabajo\/mascarilla-uso-profesional-climax\/#breadcrumb\",\"itemListElement\":[{\"@type\":\"ListItem\",\"position\":1,\"name\":\"Portada\",\"item\":\"https:\/\/tuferreteria.online\/hazlo-tu-mismo\/\"},{\"@type\":\"ListItem\",\"position\":2,\"name\":\"Tienda\",\"item\":\"https:\/\/tuferreteria.online\/hazlo-tu-mismo\/tienda\/\"},{\"@type\":\"ListItem\",\"position\":3,\"name\":\"MASCARILLA USO PROFESIONAL 756 CLIMAX\"}]},{\"@type\":\"WebSite\",\"@id\":\"https:\/\/tuferreteria.online\/hazlo-tu-mismo\/#website\",\"url\":\"https:\/\/tuferreteria.online\/hazlo-tu-mismo\/\",\"name\":\"Tienda de tuferreteria.online by Ferreter\u00eda La Salle\",\"description\":\"Hazlo tu mismo\",\"potentialAction\":[{\"@type\":\"SearchAction\",\"target\":{\"@type\":\"EntryPoint\",\"urlTemplate\":\"https:\/\/tuferreteria.online\/hazlo-tu-mismo\/?s={search_term_string}\"},\"query-input\":{\"@type\":\"PropertyValueSpecification\",\"valueRequired\":true,\"valueName\":\"search_term_string\"}}],\"inLanguage\":\"es\"}]}<\/script>\n<!-- \/ Yoast SEO plugin. -->","yoast_head_json":{"title":"MASCARILLA USO PROFESIONAL 756 CLIMAX - Tienda de tuferreteria.online by Ferreter\u00eda La Salle","description":"La mascarilla de uso profesional es una semi m\u00e1scara fabricada en caucho natural muy flexible. Los filtros son intercambiables.","robots":{"index":"index","follow":"follow","max-snippet":"max-snippet:-1","max-image-preview":"max-image-preview:large","max-video-preview":"max-video-preview:-1"},"canonical":"https:\/\/tuferreteria.online\/hazlo-tu-mismo\/tienda\/ferreteria\/proteccion-seguridad\/seguridad-en-el-trabajo\/mascarilla-uso-profesional-climax\/","og_locale":"es_ES","og_type":"article","og_title":"MASCARILLA USO PROFESIONAL 756 CLIMAX - Tienda de tuferreteria.online by Ferreter\u00eda La Salle","og_description":"La mascarilla de uso profesional es una semi m\u00e1scara fabricada en caucho natural muy flexible. Los filtros son intercambiables.","og_url":"https:\/\/tuferreteria.online\/hazlo-tu-mismo\/tienda\/ferreteria\/proteccion-seguridad\/seguridad-en-el-trabajo\/mascarilla-uso-profesional-climax\/","og_site_name":"Tienda de tuferreteria.online by Ferreter\u00eda La Salle","article_modified_time":"2026-03-11T10:17:16+00:00","og_image":[{"width":450,"height":450,"url":"https:\/\/tuferreteria.online\/hazlo-tu-mismo\/wp-content\/uploads\/2018\/12\/MASCARILLA-CLIMAX-756.jpg","type":"image\/jpeg"}],"twitter_card":"summary_large_image","twitter_misc":{"Tiempo de lectura":"1 minuto"},"schema":{"@context":"https:\/\/schema.org","@graph":[{"@type":"WebPage","@id":"https:\/\/tuferreteria.online\/hazlo-tu-mismo\/tienda\/ferreteria\/proteccion-seguridad\/seguridad-en-el-trabajo\/mascarilla-uso-profesional-climax\/","url":"https:\/\/tuferreteria.online\/hazlo-tu-mismo\/tienda\/ferreteria\/proteccion-seguridad\/seguridad-en-el-trabajo\/mascarilla-uso-profesional-climax\/","name":"MASCARILLA USO PROFESIONAL 756 CLIMAX - Tienda de tuferreteria.online by Ferreter\u00eda La Salle","isPartOf":{"@id":"https:\/\/tuferreteria.online\/hazlo-tu-mismo\/#website"},"primaryImageOfPage":{"@id":"https:\/\/tuferreteria.online\/hazlo-tu-mismo\/tienda\/ferreteria\/proteccion-seguridad\/seguridad-en-el-trabajo\/mascarilla-uso-profesional-climax\/#primaryimage"},"image":{"@id":"https:\/\/tuferreteria.online\/hazlo-tu-mismo\/tienda\/ferreteria\/proteccion-seguridad\/seguridad-en-el-trabajo\/mascarilla-uso-profesional-climax\/#primaryimage"},"thumbnailUrl":"https:\/\/tuferreteria.online\/hazlo-tu-mismo\/wp-content\/uploads\/2018\/12\/MASCARILLA-CLIMAX-756.jpg","datePublished":"2021-10-07T10:01:47+00:00","dateModified":"2026-03-11T10:17:16+00:00","description":"La mascarilla de uso profesional es una semi m\u00e1scara fabricada en caucho natural muy flexible. Los filtros son intercambiables.","breadcrumb":{"@id":"https:\/\/tuferreteria.online\/hazlo-tu-mismo\/tienda\/ferreteria\/proteccion-seguridad\/seguridad-en-el-trabajo\/mascarilla-uso-profesional-climax\/#breadcrumb"},"inLanguage":"es","potentialAction":[{"@type":"ReadAction","target":["https:\/\/tuferreteria.online\/hazlo-tu-mismo\/tienda\/ferreteria\/proteccion-seguridad\/seguridad-en-el-trabajo\/mascarilla-uso-profesional-climax\/"]}]},{"@type":"ImageObject","inLanguage":"es","@id":"https:\/\/tuferreteria.online\/hazlo-tu-mismo\/tienda\/ferreteria\/proteccion-seguridad\/seguridad-en-el-trabajo\/mascarilla-uso-profesional-climax\/#primaryimage","url":"https:\/\/tuferreteria.online\/hazlo-tu-mismo\/wp-content\/uploads\/2018\/12\/MASCARILLA-CLIMAX-756.jpg","contentUrl":"https:\/\/tuferreteria.online\/hazlo-tu-mismo\/wp-content\/uploads\/2018\/12\/MASCARILLA-CLIMAX-756.jpg","width":450,"height":450,"caption":"MASCARILLA-CLIMAX-756"},{"@type":"BreadcrumbList","@id":"https:\/\/tuferreteria.online\/hazlo-tu-mismo\/tienda\/ferreteria\/proteccion-seguridad\/seguridad-en-el-trabajo\/mascarilla-uso-profesional-climax\/#breadcrumb","itemListElement":[{"@type":"ListItem","position":1,"name":"Portada","item":"https:\/\/tuferreteria.online\/hazlo-tu-mismo\/"},{"@type":"ListItem","position":2,"name":"Tienda","item":"https:\/\/tuferreteria.online\/hazlo-tu-mismo\/tienda\/"},{"@type":"ListItem","position":3,"name":"MASCARILLA USO PROFESIONAL 756 CLIMAX"}]},{"@type":"WebSite","@id":"https:\/\/tuferreteria.online\/hazlo-tu-mismo\/#website","url":"https:\/\/tuferreteria.online\/hazlo-tu-mismo\/","name":"Tienda de tuferreteria.online by Ferreter\u00eda La Salle","description":"Hazlo tu mismo","potentialAction":[{"@type":"SearchAction","target":{"@type":"EntryPoint","urlTemplate":"https:\/\/tuferreteria.online\/hazlo-tu-mismo\/?s={search_term_string}"},"query-input":{"@type":"PropertyValueSpecification","valueRequired":true,"valueName":"search_term_string"}}],"inLanguage":"es"}]}},"_links":{"self":[{"href":"https:\/\/tuferreteria.online\/hazlo-tu-mismo\/wp-json\/wp\/v2\/product\/9165","targetHints":{"allow":["GET"]}}],"collection":[{"href":"https:\/\/tuferreteria.online\/hazlo-tu-mismo\/wp-json\/wp\/v2\/product"}],"about":[{"href":"https:\/\/tuferreteria.online\/hazlo-tu-mismo\/wp-json\/wp\/v2\/types\/product"}],"replies":[{"embeddable":true,"href":"https:\/\/tuferreteria.online\/hazlo-tu-mismo\/wp-json\/wp\/v2\/comments?post=9165"}],"wp:featuredmedia":[{"embeddable":true,"href":"https:\/\/tuferreteria.online\/hazlo-tu-mismo\/wp-json\/wp\/v2\/media\/9167"}],"wp:attachment":[{"href":"https:\/\/tuferreteria.online\/hazlo-tu-mismo\/wp-json\/wp\/v2\/media?parent=9165"}],"wp:term":[{"taxonomy":"brand","embeddable":true,"href":"https:\/\/tuferreteria.online\/hazlo-tu-mismo\/wp-json\/wp\/v2\/etheme_brands?post=9165"},{"taxonomy":"product_brand","embeddable":true,"href":"https:\/\/tuferreteria.online\/hazlo-tu-mismo\/wp-json\/wp\/v2\/product_brand?post=9165"},{"taxonomy":"product_cat","embeddable":true,"href":"https:\/\/tuferreteria.online\/hazlo-tu-mismo\/wp-json\/wp\/v2\/product_cat?post=9165"},{"taxonomy":"product_tag","embeddable":true,"href":"https:\/\/tuferreteria.online\/hazlo-tu-mismo\/wp-json\/wp\/v2\/product_tag?post=9165"}],"curies":[{"name":"wp","href":"https:\/\/api.w.org\/{rel}","templated":true}]}}