{"id":9800,"date":"2019-01-25T13:54:49","date_gmt":"2019-01-25T12:54:49","guid":{"rendered":"https:\/\/tuferreteria.online\/hazlo-tu-mismo\/tienda\/sin%20categorizar\/tijera-podar-felco-8f100-n%c2%a77\/"},"modified":"2026-03-11T11:14:19","modified_gmt":"2026-03-11T10:14:19","slug":"tijera-podar-felco-8f100","status":"publish","type":"product","link":"https:\/\/tuferreteria.online\/hazlo-tu-mismo\/tienda\/jardin-y-tiempo-libre\/jardin\/herramienta-jardin\/tijera-podar-felco-8f100\/","title":{"rendered":"TIJERA PODAR DIESTRO FELCO 7"},"content":{"rendered":"<div class=\"wpb-content-wrapper\"><p>[vc_row][vc_column][vc_column_text]<\/p>\n<h2 style=\"text-align: center;\"><span style=\"font-size: 24pt; color: #f9e03a;\">Tijera de Podar<\/span><\/h2>\n<p>&nbsp;<\/p>\n<h3>Caracter\u00edsticas:<\/h3>\n<p>&nbsp;<\/p>\n<p style=\"text-align: justify;\">La tijera de podar Felco 7 es c\u00f3moda y ligera. Es especial para trabajar con la mano derecha.<\/p>\n<p style=\"text-align: justify;\">El mango es rotatorio, lo que te dar\u00e1 una protecci\u00f3n para el giro de la mu\u00f1eca.<\/p>\n<p style=\"text-align: justify;\">Tiene la cabeza\u00a0inclinada y tope amortiguador.<\/p>\n<p style=\"text-align: justify;\">La hoja es de acero templado, lo que te ofrece un corte limpio y preciso.<\/p>\n<p style=\"text-align: justify;\">Podr\u00e1s cambiar la hoja una vez que se desgaste.<\/p>\n<p style=\"text-align: justify;\">Viene con corta alambres y raspador.<\/p>\n<p>[\/vc_column_text][\/vc_column][\/vc_row]<\/p>\n<\/div>","protected":false},"excerpt":{"rendered":"<h2>TIJERA PODAR PARA MANO DERECHA<\/h2>\n","protected":false},"featured_media":27559,"comment_status":"closed","ping_status":"closed","template":"","meta":{"_exactmetrics_skip_tracking":false,"_exactmetrics_sitenote_active":false,"_exactmetrics_sitenote_note":"","_exactmetrics_sitenote_category":0,"_joinchat":[]},"etheme_brands":[{"term_id":383,"name":"FELCO","slug":"felco","term_group":0,"term_taxonomy_id":383,"taxonomy":"brand","description":"","parent":0,"count":4,"filter":"raw"}],"product_brand":[],"product_cat":[92,87],"product_tag":[362,381,382,3442,3443],"class_list":{"0":"post-9800","1":"product","2":"type-product","3":"status-publish","4":"has-post-thumbnail","6":"brand-felco","7":"product_cat-herramienta-jardin","8":"product_cat-jardin-y-tiempo-libre","9":"product_tag-jardin","10":"product_tag-podona","11":"product_tag-tijera-de-podar","12":"product_tag-tijera-de-podar-para-diestro","13":"product_tag-tijera-podar-felco-7","14":"product_shipping_class-envio-peso","16":"first","17":"outofstock","18":"taxable","19":"shipping-taxable","20":"purchasable","21":"product-type-simple"},"yoast_head":"<!-- This site is optimized with the Yoast SEO plugin v24.9 - https:\/\/yoast.com\/wordpress\/plugins\/seo\/ -->\n<title>TIJERA PODAR DIESTRO FELCO 7 - Tienda de tuferreteria.online by Ferreter\u00eda La Salle<\/title>\n<meta name=\"description\" content=\"La tijera de podar Felco 7 es c\u00f3moda y ligera. Es especial para trabajar con la mano derecha. El mango es rotatorio, lo que te dar\u00e1 una protecci\u00f3n para el giro de la mu\u00f1eca.\" \/>\n<meta name=\"robots\" content=\"index, follow, max-snippet:-1, max-image-preview:large, max-video-preview:-1\" \/>\n<link rel=\"canonical\" href=\"https:\/\/tuferreteria.online\/hazlo-tu-mismo\/tienda\/jardin-y-tiempo-libre\/jardin\/herramienta-jardin\/tijera-podar-felco-8f100\/\" \/>\n<meta property=\"og:locale\" content=\"es_ES\" \/>\n<meta property=\"og:type\" content=\"article\" \/>\n<meta property=\"og:title\" content=\"TIJERA PODAR DIESTRO FELCO 7 - Tienda de tuferreteria.online by Ferreter\u00eda La Salle\" \/>\n<meta property=\"og:description\" content=\"La tijera de podar Felco 7 es c\u00f3moda y ligera. Es especial para trabajar con la mano derecha. El mango es rotatorio, lo que te dar\u00e1 una protecci\u00f3n para el giro de la mu\u00f1eca.\" \/>\n<meta property=\"og:url\" content=\"https:\/\/tuferreteria.online\/hazlo-tu-mismo\/tienda\/jardin-y-tiempo-libre\/jardin\/herramienta-jardin\/tijera-podar-felco-8f100\/\" \/>\n<meta property=\"og:site_name\" content=\"Tienda de tuferreteria.online by Ferreter\u00eda La Salle\" \/>\n<meta property=\"article:modified_time\" content=\"2026-03-11T10:14:19+00:00\" \/>\n<meta property=\"og:image\" content=\"https:\/\/tuferreteria.online\/hazlo-tu-mismo\/wp-content\/uploads\/2019\/01\/TIJERA-PODAR-FELCO-7-DIESTRO.jpg\" \/>\n\t<meta property=\"og:image:width\" content=\"600\" \/>\n\t<meta property=\"og:image:height\" content=\"600\" \/>\n\t<meta property=\"og:image:type\" content=\"image\/jpeg\" \/>\n<meta name=\"twitter:card\" content=\"summary_large_image\" \/>\n<meta name=\"twitter:label1\" content=\"Tiempo de lectura\" \/>\n\t<meta name=\"twitter:data1\" content=\"1 minuto\" \/>\n<script type=\"application\/ld+json\" class=\"yoast-schema-graph\">{\"@context\":\"https:\/\/schema.org\",\"@graph\":[{\"@type\":\"WebPage\",\"@id\":\"https:\/\/tuferreteria.online\/hazlo-tu-mismo\/tienda\/jardin-y-tiempo-libre\/jardin\/herramienta-jardin\/tijera-podar-felco-8f100\/\",\"url\":\"https:\/\/tuferreteria.online\/hazlo-tu-mismo\/tienda\/jardin-y-tiempo-libre\/jardin\/herramienta-jardin\/tijera-podar-felco-8f100\/\",\"name\":\"TIJERA PODAR DIESTRO FELCO 7 - Tienda de tuferreteria.online by Ferreter\u00eda La Salle\",\"isPartOf\":{\"@id\":\"https:\/\/tuferreteria.online\/hazlo-tu-mismo\/#website\"},\"primaryImageOfPage\":{\"@id\":\"https:\/\/tuferreteria.online\/hazlo-tu-mismo\/tienda\/jardin-y-tiempo-libre\/jardin\/herramienta-jardin\/tijera-podar-felco-8f100\/#primaryimage\"},\"image\":{\"@id\":\"https:\/\/tuferreteria.online\/hazlo-tu-mismo\/tienda\/jardin-y-tiempo-libre\/jardin\/herramienta-jardin\/tijera-podar-felco-8f100\/#primaryimage\"},\"thumbnailUrl\":\"https:\/\/tuferreteria.online\/hazlo-tu-mismo\/wp-content\/uploads\/2019\/01\/TIJERA-PODAR-FELCO-7-DIESTRO.jpg\",\"datePublished\":\"2019-01-25T12:54:49+00:00\",\"dateModified\":\"2026-03-11T10:14:19+00:00\",\"description\":\"La tijera de podar Felco 7 es c\u00f3moda y ligera. Es especial para trabajar con la mano derecha. El mango es rotatorio, lo que te dar\u00e1 una protecci\u00f3n para el giro de la mu\u00f1eca.\",\"breadcrumb\":{\"@id\":\"https:\/\/tuferreteria.online\/hazlo-tu-mismo\/tienda\/jardin-y-tiempo-libre\/jardin\/herramienta-jardin\/tijera-podar-felco-8f100\/#breadcrumb\"},\"inLanguage\":\"es\",\"potentialAction\":[{\"@type\":\"ReadAction\",\"target\":[\"https:\/\/tuferreteria.online\/hazlo-tu-mismo\/tienda\/jardin-y-tiempo-libre\/jardin\/herramienta-jardin\/tijera-podar-felco-8f100\/\"]}]},{\"@type\":\"ImageObject\",\"inLanguage\":\"es\",\"@id\":\"https:\/\/tuferreteria.online\/hazlo-tu-mismo\/tienda\/jardin-y-tiempo-libre\/jardin\/herramienta-jardin\/tijera-podar-felco-8f100\/#primaryimage\",\"url\":\"https:\/\/tuferreteria.online\/hazlo-tu-mismo\/wp-content\/uploads\/2019\/01\/TIJERA-PODAR-FELCO-7-DIESTRO.jpg\",\"contentUrl\":\"https:\/\/tuferreteria.online\/hazlo-tu-mismo\/wp-content\/uploads\/2019\/01\/TIJERA-PODAR-FELCO-7-DIESTRO.jpg\",\"width\":600,\"height\":600,\"caption\":\"TIJERA-PODAR-FELCO-7-DIESTRO\"},{\"@type\":\"BreadcrumbList\",\"@id\":\"https:\/\/tuferreteria.online\/hazlo-tu-mismo\/tienda\/jardin-y-tiempo-libre\/jardin\/herramienta-jardin\/tijera-podar-felco-8f100\/#breadcrumb\",\"itemListElement\":[{\"@type\":\"ListItem\",\"position\":1,\"name\":\"Portada\",\"item\":\"https:\/\/tuferreteria.online\/hazlo-tu-mismo\/\"},{\"@type\":\"ListItem\",\"position\":2,\"name\":\"Tienda\",\"item\":\"https:\/\/tuferreteria.online\/hazlo-tu-mismo\/tienda\/\"},{\"@type\":\"ListItem\",\"position\":3,\"name\":\"TIJERA PODAR DIESTRO FELCO 7\"}]},{\"@type\":\"WebSite\",\"@id\":\"https:\/\/tuferreteria.online\/hazlo-tu-mismo\/#website\",\"url\":\"https:\/\/tuferreteria.online\/hazlo-tu-mismo\/\",\"name\":\"Tienda de tuferreteria.online by Ferreter\u00eda La Salle\",\"description\":\"Hazlo tu mismo\",\"potentialAction\":[{\"@type\":\"SearchAction\",\"target\":{\"@type\":\"EntryPoint\",\"urlTemplate\":\"https:\/\/tuferreteria.online\/hazlo-tu-mismo\/?s={search_term_string}\"},\"query-input\":{\"@type\":\"PropertyValueSpecification\",\"valueRequired\":true,\"valueName\":\"search_term_string\"}}],\"inLanguage\":\"es\"}]}<\/script>\n<!-- \/ Yoast SEO plugin. -->","yoast_head_json":{"title":"TIJERA PODAR DIESTRO FELCO 7 - Tienda de tuferreteria.online by Ferreter\u00eda La Salle","description":"La tijera de podar Felco 7 es c\u00f3moda y ligera. Es especial para trabajar con la mano derecha. El mango es rotatorio, lo que te dar\u00e1 una protecci\u00f3n para el giro de la mu\u00f1eca.","robots":{"index":"index","follow":"follow","max-snippet":"max-snippet:-1","max-image-preview":"max-image-preview:large","max-video-preview":"max-video-preview:-1"},"canonical":"https:\/\/tuferreteria.online\/hazlo-tu-mismo\/tienda\/jardin-y-tiempo-libre\/jardin\/herramienta-jardin\/tijera-podar-felco-8f100\/","og_locale":"es_ES","og_type":"article","og_title":"TIJERA PODAR DIESTRO FELCO 7 - Tienda de tuferreteria.online by Ferreter\u00eda La Salle","og_description":"La tijera de podar Felco 7 es c\u00f3moda y ligera. Es especial para trabajar con la mano derecha. El mango es rotatorio, lo que te dar\u00e1 una protecci\u00f3n para el giro de la mu\u00f1eca.","og_url":"https:\/\/tuferreteria.online\/hazlo-tu-mismo\/tienda\/jardin-y-tiempo-libre\/jardin\/herramienta-jardin\/tijera-podar-felco-8f100\/","og_site_name":"Tienda de tuferreteria.online by Ferreter\u00eda La Salle","article_modified_time":"2026-03-11T10:14:19+00:00","og_image":[{"width":600,"height":600,"url":"https:\/\/tuferreteria.online\/hazlo-tu-mismo\/wp-content\/uploads\/2019\/01\/TIJERA-PODAR-FELCO-7-DIESTRO.jpg","type":"image\/jpeg"}],"twitter_card":"summary_large_image","twitter_misc":{"Tiempo de lectura":"1 minuto"},"schema":{"@context":"https:\/\/schema.org","@graph":[{"@type":"WebPage","@id":"https:\/\/tuferreteria.online\/hazlo-tu-mismo\/tienda\/jardin-y-tiempo-libre\/jardin\/herramienta-jardin\/tijera-podar-felco-8f100\/","url":"https:\/\/tuferreteria.online\/hazlo-tu-mismo\/tienda\/jardin-y-tiempo-libre\/jardin\/herramienta-jardin\/tijera-podar-felco-8f100\/","name":"TIJERA PODAR DIESTRO FELCO 7 - Tienda de tuferreteria.online by Ferreter\u00eda La Salle","isPartOf":{"@id":"https:\/\/tuferreteria.online\/hazlo-tu-mismo\/#website"},"primaryImageOfPage":{"@id":"https:\/\/tuferreteria.online\/hazlo-tu-mismo\/tienda\/jardin-y-tiempo-libre\/jardin\/herramienta-jardin\/tijera-podar-felco-8f100\/#primaryimage"},"image":{"@id":"https:\/\/tuferreteria.online\/hazlo-tu-mismo\/tienda\/jardin-y-tiempo-libre\/jardin\/herramienta-jardin\/tijera-podar-felco-8f100\/#primaryimage"},"thumbnailUrl":"https:\/\/tuferreteria.online\/hazlo-tu-mismo\/wp-content\/uploads\/2019\/01\/TIJERA-PODAR-FELCO-7-DIESTRO.jpg","datePublished":"2019-01-25T12:54:49+00:00","dateModified":"2026-03-11T10:14:19+00:00","description":"La tijera de podar Felco 7 es c\u00f3moda y ligera. Es especial para trabajar con la mano derecha. El mango es rotatorio, lo que te dar\u00e1 una protecci\u00f3n para el giro de la mu\u00f1eca.","breadcrumb":{"@id":"https:\/\/tuferreteria.online\/hazlo-tu-mismo\/tienda\/jardin-y-tiempo-libre\/jardin\/herramienta-jardin\/tijera-podar-felco-8f100\/#breadcrumb"},"inLanguage":"es","potentialAction":[{"@type":"ReadAction","target":["https:\/\/tuferreteria.online\/hazlo-tu-mismo\/tienda\/jardin-y-tiempo-libre\/jardin\/herramienta-jardin\/tijera-podar-felco-8f100\/"]}]},{"@type":"ImageObject","inLanguage":"es","@id":"https:\/\/tuferreteria.online\/hazlo-tu-mismo\/tienda\/jardin-y-tiempo-libre\/jardin\/herramienta-jardin\/tijera-podar-felco-8f100\/#primaryimage","url":"https:\/\/tuferreteria.online\/hazlo-tu-mismo\/wp-content\/uploads\/2019\/01\/TIJERA-PODAR-FELCO-7-DIESTRO.jpg","contentUrl":"https:\/\/tuferreteria.online\/hazlo-tu-mismo\/wp-content\/uploads\/2019\/01\/TIJERA-PODAR-FELCO-7-DIESTRO.jpg","width":600,"height":600,"caption":"TIJERA-PODAR-FELCO-7-DIESTRO"},{"@type":"BreadcrumbList","@id":"https:\/\/tuferreteria.online\/hazlo-tu-mismo\/tienda\/jardin-y-tiempo-libre\/jardin\/herramienta-jardin\/tijera-podar-felco-8f100\/#breadcrumb","itemListElement":[{"@type":"ListItem","position":1,"name":"Portada","item":"https:\/\/tuferreteria.online\/hazlo-tu-mismo\/"},{"@type":"ListItem","position":2,"name":"Tienda","item":"https:\/\/tuferreteria.online\/hazlo-tu-mismo\/tienda\/"},{"@type":"ListItem","position":3,"name":"TIJERA PODAR DIESTRO FELCO 7"}]},{"@type":"WebSite","@id":"https:\/\/tuferreteria.online\/hazlo-tu-mismo\/#website","url":"https:\/\/tuferreteria.online\/hazlo-tu-mismo\/","name":"Tienda de tuferreteria.online by Ferreter\u00eda La Salle","description":"Hazlo tu mismo","potentialAction":[{"@type":"SearchAction","target":{"@type":"EntryPoint","urlTemplate":"https:\/\/tuferreteria.online\/hazlo-tu-mismo\/?s={search_term_string}"},"query-input":{"@type":"PropertyValueSpecification","valueRequired":true,"valueName":"search_term_string"}}],"inLanguage":"es"}]}},"_links":{"self":[{"href":"https:\/\/tuferreteria.online\/hazlo-tu-mismo\/wp-json\/wp\/v2\/product\/9800","targetHints":{"allow":["GET"]}}],"collection":[{"href":"https:\/\/tuferreteria.online\/hazlo-tu-mismo\/wp-json\/wp\/v2\/product"}],"about":[{"href":"https:\/\/tuferreteria.online\/hazlo-tu-mismo\/wp-json\/wp\/v2\/types\/product"}],"replies":[{"embeddable":true,"href":"https:\/\/tuferreteria.online\/hazlo-tu-mismo\/wp-json\/wp\/v2\/comments?post=9800"}],"wp:featuredmedia":[{"embeddable":true,"href":"https:\/\/tuferreteria.online\/hazlo-tu-mismo\/wp-json\/wp\/v2\/media\/27559"}],"wp:attachment":[{"href":"https:\/\/tuferreteria.online\/hazlo-tu-mismo\/wp-json\/wp\/v2\/media?parent=9800"}],"wp:term":[{"taxonomy":"brand","embeddable":true,"href":"https:\/\/tuferreteria.online\/hazlo-tu-mismo\/wp-json\/wp\/v2\/etheme_brands?post=9800"},{"taxonomy":"product_brand","embeddable":true,"href":"https:\/\/tuferreteria.online\/hazlo-tu-mismo\/wp-json\/wp\/v2\/product_brand?post=9800"},{"taxonomy":"product_cat","embeddable":true,"href":"https:\/\/tuferreteria.online\/hazlo-tu-mismo\/wp-json\/wp\/v2\/product_cat?post=9800"},{"taxonomy":"product_tag","embeddable":true,"href":"https:\/\/tuferreteria.online\/hazlo-tu-mismo\/wp-json\/wp\/v2\/product_tag?post=9800"}],"curies":[{"name":"wp","href":"https:\/\/api.w.org\/{rel}","templated":true}]}}